{"id":286,"date":"2016-10-31T13:17:59","date_gmt":"2016-10-31T16:17:59","guid":{"rendered":"https:\/\/ifseducare-bue.infd.edu.ar\/sitio\/?page_id=286"},"modified":"2022-08-25T20:02:04","modified_gmt":"2022-08-25T23:02:04","slug":"inicio","status":"publish","type":"page","link":"https:\/\/ifseducare-bue.infd.edu.ar\/sitio\/","title":{"rendered":"Inicio"},"content":{"rendered":"<div id=\"metaslider-id-403\" style=\"width: 100%;\" class=\"ml-slider-3-33-0 metaslider metaslider-flex metaslider-403 ml-slider ms-theme-default\" role=\"region\" aria-roledescription=\"Slideshow\" aria-label=\"Slideshow\">\n    <div id=\"metaslider_container_403\">\n        <div id=\"metaslider_403\" class=\"flexslider\">\n            <ul aria-live=\"polite\" class=\"slides\">\n                <li style=\"display: block; width: 100%;\" class=\"slide-607 ms-image\" aria-roledescription=\"slide\" aria-label=\"slide-607\"><a href=\"https:\/\/mapa.infd.edu.ar\/\" target=\"_blank\"><img src=\"https:\/\/ifseducare-bue.infd.edu.ar\/sitio\/wp-content\/uploads\/2018\/06\/mapa_infd6-1100x200.png\" height=\"200\" width=\"1100\" alt=\"\" class=\"slider-403 slide-607\" title=\"mapa_infd6\" \/><\/a><\/li>\n                <li style=\"display: none; width: 100%;\" class=\"slide-609 ms-image\" aria-roledescription=\"slide\" aria-label=\"slide-609\"><a href=\"https:\/\/www.argentina.gob.ar\/educacion\/becas\" target=\"_blank\"><img src=\"https:\/\/ifseducare-bue.infd.edu.ar\/sitio\/wp-content\/uploads\/2018\/06\/becas7-1100x200.png\" height=\"200\" width=\"1100\" alt=\"\" class=\"slider-403 slide-609\" title=\"becas7\" \/><\/a><\/li>\n                <li style=\"display: none; width: 100%;\" class=\"slide-635 ms-image\" aria-roledescription=\"slide\" aria-label=\"slide-635\"><a href=\"https:\/\/www.argentina.gob.ar\/tema\/estudiar\/formacion-docencia\" target=\"_blank\"><img src=\"https:\/\/ifseducare-bue.infd.edu.ar\/sitio\/wp-content\/uploads\/2018\/06\/convocatorias_slide6-1-1100x200.png\" height=\"200\" width=\"1100\" alt=\"\" class=\"slider-403 slide-635\" title=\"convocatorias_slide6-1\" \/><\/a><\/li>\n            <\/ul>\n        <\/div>\n        \n    <\/div>\n<\/div>\n<p style=\"text-align: center;\"><img decoding=\"async\" loading=\"lazy\" class=\"alignnone size-medium wp-image-747\" src=\"https:\/\/ifseducare-bue.infd.edu.ar\/sitio\/wp-content\/uploads\/2022\/08\/WhatsApp-Image-2022-08-25-at-7.44.37-PM-1000x1000.jpeg\" alt=\"\" width=\"1000\" height=\"1000\" srcset=\"https:\/\/ifseducare-bue.infd.edu.ar\/sitio\/wp-content\/uploads\/2022\/08\/WhatsApp-Image-2022-08-25-at-7.44.37-PM-1000x1000.jpeg 1000w, https:\/\/ifseducare-bue.infd.edu.ar\/sitio\/wp-content\/uploads\/2022\/08\/WhatsApp-Image-2022-08-25-at-7.44.37-PM-500x500.jpeg 500w, https:\/\/ifseducare-bue.infd.edu.ar\/sitio\/wp-content\/uploads\/2022\/08\/WhatsApp-Image-2022-08-25-at-7.44.37-PM-768x767.jpeg 768w, https:\/\/ifseducare-bue.infd.edu.ar\/sitio\/wp-content\/uploads\/2022\/08\/WhatsApp-Image-2022-08-25-at-7.44.37-PM.jpeg 1280w\" sizes=\"(max-width: 1000px) 100vw, 1000px\" \/><\/p>\n<p style=\"text-align: center;\"><img decoding=\"async\" loading=\"lazy\" class=\"alignnone size-medium wp-image-747\" src=\"https:\/\/ifseducare-bue.infd.edu.ar\/sitio\/wp-content\/uploads\/2022\/08\/Portada-2022-2-1000x1000.jpeg\" alt=\"\" width=\"1000\" height=\"1000\" \/><\/p>\n<p style=\"text-align: center;\"><img decoding=\"async\" loading=\"lazy\" class=\"alignnone size-medium wp-image-747\" src=\"https:\/\/ifseducare-bue.infd.edu.ar\/sitio\/wp-content\/uploads\/2022\/08\/Portada-2022-3-995x1000.jpeg\" alt=\"\" width=\"1000\" height=\"1000\" \/><\/p>\n<p>&nbsp;<\/p>\n<div style=\"border: solid #548DD4 2pt; padding: 2pt 3pt 2pt 3pt; background: #DBE5F1;\">\n<div>\u00a0<\/div>\n<div style=\"text-align: center;\"><span style=\"font-size: 14pt;\"><strong>Abierta la inscripci\u00f3n &#8211; Hay vacantes<\/strong><\/span><\/div>\n<div style=\"text-align: center;\"><span style=\"font-size: 12pt;\"><strong>Requisitos:<\/strong><\/span><\/div>\n<div>\u00a0<\/div>\n<div style=\"text-align: center;\"><span style=\"font-size: 12pt;\">T\u00edtulo y anal\u00edtico original y fotocopia (del t\u00edtulo con el cual se anota)<\/span><\/div>\n<div style=\"text-align: center;\"><span style=\"font-size: 12pt;\">DNI original y fotocopia<\/span><\/div>\n<div style=\"text-align: center;\"><span style=\"font-size: 12pt;\">1 foto 4&#215;4<\/span><\/div>\n<div>\u00a0<\/div>\n<\/div>\n<p><span style=\"font-size: 10pt;\"><strong>\u00a0<\/strong><\/span><\/p>\n","protected":false},"excerpt":{"rendered":"<p>&nbsp; \u00a0 Abierta la inscripci\u00f3n &#8211; Hay vacantes Requisitos: \u00a0 T\u00edtulo y anal\u00edtico original y fotocopia (del t\u00edtulo con el cual se anota) DNI original y fotocopia 1 foto 4&#215;4 \u00a0 \u00a0<\/p>\n","protected":false},"author":1,"featured_media":0,"parent":0,"menu_order":0,"comment_status":"closed","ping_status":"closed","template":"","meta":[],"acf":[],"_links":{"self":[{"href":"https:\/\/ifseducare-bue.infd.edu.ar\/sitio\/wp-json\/wp\/v2\/pages\/286"}],"collection":[{"href":"https:\/\/ifseducare-bue.infd.edu.ar\/sitio\/wp-json\/wp\/v2\/pages"}],"about":[{"href":"https:\/\/ifseducare-bue.infd.edu.ar\/sitio\/wp-json\/wp\/v2\/types\/page"}],"author":[{"embeddable":true,"href":"https:\/\/ifseducare-bue.infd.edu.ar\/sitio\/wp-json\/wp\/v2\/users\/1"}],"replies":[{"embeddable":true,"href":"https:\/\/ifseducare-bue.infd.edu.ar\/sitio\/wp-json\/wp\/v2\/comments?post=286"}],"version-history":[{"count":91,"href":"https:\/\/ifseducare-bue.infd.edu.ar\/sitio\/wp-json\/wp\/v2\/pages\/286\/revisions"}],"predecessor-version":[{"id":755,"href":"https:\/\/ifseducare-bue.infd.edu.ar\/sitio\/wp-json\/wp\/v2\/pages\/286\/revisions\/755"}],"wp:attachment":[{"href":"https:\/\/ifseducare-bue.infd.edu.ar\/sitio\/wp-json\/wp\/v2\/media?parent=286"}],"curies":[{"name":"wp","href":"https:\/\/api.w.org\/{rel}","templated":true}]}}